{"id":3,"date":"2024-05-22T22:51:37","date_gmt":"2024-05-23T01:51:37","guid":{"rendered":"http:\/\/localhost\/escrevedeira\/?page_id=3"},"modified":"2024-10-02T16:02:06","modified_gmt":"2024-10-02T19:02:06","slug":"politica-de-privacidade","status":"publish","type":"page","link":"https:\/\/escrevedeira.com.br\/politica-de-privacidade\/","title":{"rendered":"Pol\u00edtica de privacidade"},"content":{"rendered":"<p><strong>Termo de consentimento para armazenamento e tratamento de dados pessoais em conformidade com a LGPD<\/strong><\/p>\n<p>Este documento visa registrar a manifesta\u00e7\u00e3o livre, informada e inequ\u00edvoca pela qual o titular concorda com o tratamento de seus dados pessoais para finalidade espec\u00edfica, em conformidade com a Lei n\u00ba 13.709 \u2013 Lei Geral de Prote\u00e7\u00e3o de Dados Pessoais (LGPD).<\/p>\n<p>Informamos que, ao realizar seu cadastro no site, coletamos seus dados pessoais (CPF, Nome, Data de Nascimento, Telefone, E-mail, Endere\u00e7o) para Cupom Fiscal, Controle de vendas por clientes dentro da ferramenta, e envios peri\u00f3dicos de mensagens de Marketing (que podem ser cancelados a qualquer momento). Os seus dados pessoais ser\u00e3o armazenados e preservados por um per\u00edodo indeterminado; os dados dos clientes s\u00e3o registrados no sistema e podem ser anonimizados a qualquer momento, desde que o cliente solicite.<\/p>\n<p>Utilizamos, ainda, a ferramenta de Google Analytics para conhecimento de acessos. N\u00e3o enviamos ativamente dados de sua identidade informados por voc\u00ea no momento do cadastro ou h\u00e1bito de compras ao servi\u00e7o, e todos os dados que coletados e utilizados pelo servi\u00e7o s\u00e3o feitos por eles mesmos durante sua navega\u00e7\u00e3o.<\/p>\n<p>O uso de Cookies se d\u00e1, por nossa plataforma, para armazenar dados de sess\u00e3o, quando estiver com login realizado e n\u00e3o-expirado, e para guardar os dados de seu carrinho caso n\u00e3o conclua a compra.<\/p>\n<p>Voc\u00ea poder\u00e1, a qualquer momento:<\/p>\n<ul>\n<li>Ter acesso \u00e0s informa\u00e7\u00f5es sobre a forma e a dura\u00e7\u00e3o de tratamento dos seus dados na nossa plataforma;<\/li>\n<li>Solicitar a atualiza\u00e7\u00e3o ou corre\u00e7\u00e3o dos seus dados;<\/li>\n<li>Solicitar a elimina\u00e7\u00e3o dos seus dados pessoais tratados e revoga\u00e7\u00e3o do consentimento, nos termos da Lei.<\/li>\n<\/ul>\n<p>As solicita\u00e7\u00f5es e questionamentos acerca do tratamento e elimina\u00e7\u00e3o de seus dados dever\u00e3o ser realizadas atrav\u00e9s do contato@escrevedeira.com.br.<\/p>\n<p>Caso ACEITE que seus Dados Pessoais sejam coletados, por favor, concorde com este aviso.<\/p>\n","protected":false},"excerpt":{"rendered":"<p>Termo de consentimento para armazenamento e tratamento de dados pessoais em conformidade com a LGPD Este documento visa registrar a manifesta\u00e7\u00e3o livre, informada e inequ\u00edvoca pela qual o titular concorda com o tratamento de seus dados pessoais para finalidade espec\u00edfica, em conformidade com a Lei n\u00ba 13.709 \u2013 Lei Geral de Prote\u00e7\u00e3o de Dados Pessoais [&hellip;]<\/p>\n","protected":false},"author":1,"featured_media":0,"parent":0,"menu_order":0,"comment_status":"closed","ping_status":"open","template":"","meta":{"_acf_changed":false,"_monsterinsights_skip_tracking":false,"_monsterinsights_sitenote_active":false,"_monsterinsights_sitenote_note":"","_monsterinsights_sitenote_category":0,"footnotes":""},"class_list":["post-3","page","type-page","status-publish","hentry"],"acf":[],"yoast_head":"<!-- This site is optimized with the Yoast SEO plugin v27.2 - https:\/\/yoast.com\/product\/yoast-seo-wordpress\/ -->\n<title>Pol\u00edtica de privacidade - Escrevedeira<\/title>\n<meta name=\"robots\" content=\"index, follow, max-snippet:-1, max-image-preview:large, max-video-preview:-1\" \/>\n<link rel=\"canonical\" href=\"https:\/\/escrevedeira.com.br\/politica-de-privacidade\/\" \/>\n<meta property=\"og:locale\" content=\"pt_BR\" \/>\n<meta property=\"og:type\" content=\"article\" \/>\n<meta property=\"og:title\" content=\"Pol\u00edtica de privacidade - Escrevedeira\" \/>\n<meta property=\"og:description\" content=\"Termo de consentimento para armazenamento e tratamento de dados pessoais em conformidade com a LGPD Este documento visa registrar a manifesta\u00e7\u00e3o livre, informada e inequ\u00edvoca pela qual o titular concorda com o tratamento de seus dados pessoais para finalidade espec\u00edfica, em conformidade com a Lei n\u00ba 13.709 \u2013 Lei Geral de Prote\u00e7\u00e3o de Dados Pessoais [&hellip;]\" \/>\n<meta property=\"og:url\" content=\"https:\/\/escrevedeira.com.br\/politica-de-privacidade\/\" \/>\n<meta property=\"og:site_name\" content=\"Escrevedeira\" \/>\n<meta property=\"article:publisher\" content=\"https:\/\/www.facebook.com\/aescrevedeira\/\" \/>\n<meta property=\"article:modified_time\" content=\"2024-10-02T19:02:06+00:00\" \/>\n<meta name=\"twitter:card\" content=\"summary_large_image\" \/>\n<meta name=\"twitter:label1\" content=\"Est. tempo de leitura\" \/>\n\t<meta name=\"twitter:data1\" content=\"2 minutos\" \/>\n<script type=\"application\/ld+json\" class=\"yoast-schema-graph\">{\"@context\":\"https:\/\/schema.org\",\"@graph\":[{\"@type\":\"WebPage\",\"@id\":\"https:\/\/escrevedeira.com.br\/politica-de-privacidade\/\",\"url\":\"https:\/\/escrevedeira.com.br\/politica-de-privacidade\/\",\"name\":\"Pol\u00edtica de privacidade - Escrevedeira\",\"isPartOf\":{\"@id\":\"https:\/\/escrevedeira.com.br\/#website\"},\"datePublished\":\"2024-05-23T01:51:37+00:00\",\"dateModified\":\"2024-10-02T19:02:06+00:00\",\"breadcrumb\":{\"@id\":\"https:\/\/escrevedeira.com.br\/politica-de-privacidade\/#breadcrumb\"},\"inLanguage\":\"pt-BR\",\"potentialAction\":[{\"@type\":\"ReadAction\",\"target\":[\"https:\/\/escrevedeira.com.br\/politica-de-privacidade\/\"]}]},{\"@type\":\"BreadcrumbList\",\"@id\":\"https:\/\/escrevedeira.com.br\/politica-de-privacidade\/#breadcrumb\",\"itemListElement\":[{\"@type\":\"ListItem\",\"position\":1,\"name\":\"Home\",\"item\":\"https:\/\/escrevedeira.com.br\/\"},{\"@type\":\"ListItem\",\"position\":2,\"name\":\"Pol\u00edtica de privacidade\"}]},{\"@type\":\"WebSite\",\"@id\":\"https:\/\/escrevedeira.com.br\/#website\",\"url\":\"https:\/\/escrevedeira.com.br\/\",\"name\":\"Escrevedeira\",\"description\":\"\",\"publisher\":{\"@id\":\"https:\/\/escrevedeira.com.br\/#organization\"},\"potentialAction\":[{\"@type\":\"SearchAction\",\"target\":{\"@type\":\"EntryPoint\",\"urlTemplate\":\"https:\/\/escrevedeira.com.br\/?s={search_term_string}\"},\"query-input\":{\"@type\":\"PropertyValueSpecification\",\"valueRequired\":true,\"valueName\":\"search_term_string\"}}],\"inLanguage\":\"pt-BR\"},{\"@type\":\"Organization\",\"@id\":\"https:\/\/escrevedeira.com.br\/#organization\",\"name\":\"Escrevedeira\",\"url\":\"https:\/\/escrevedeira.com.br\/\",\"logo\":{\"@type\":\"ImageObject\",\"inLanguage\":\"pt-BR\",\"@id\":\"https:\/\/escrevedeira.com.br\/#\/schema\/logo\/image\/\",\"url\":\"https:\/\/escrevedeira.com.br\/wp-content\/uploads\/2024\/05\/symbol_escrevedeira.svg\",\"contentUrl\":\"https:\/\/escrevedeira.com.br\/wp-content\/uploads\/2024\/05\/symbol_escrevedeira.svg\",\"width\":298,\"height\":98,\"caption\":\"Escrevedeira\"},\"image\":{\"@id\":\"https:\/\/escrevedeira.com.br\/#\/schema\/logo\/image\/\"},\"sameAs\":[\"https:\/\/www.facebook.com\/aescrevedeira\/\",\"https:\/\/www.instagram.com\/aescrevedeira\/\"]}]}<\/script>\n<!-- \/ Yoast SEO plugin. -->","yoast_head_json":{"title":"Pol\u00edtica de privacidade - Escrevedeira","robots":{"index":"index","follow":"follow","max-snippet":"max-snippet:-1","max-image-preview":"max-image-preview:large","max-video-preview":"max-video-preview:-1"},"canonical":"https:\/\/escrevedeira.com.br\/politica-de-privacidade\/","og_locale":"pt_BR","og_type":"article","og_title":"Pol\u00edtica de privacidade - Escrevedeira","og_description":"Termo de consentimento para armazenamento e tratamento de dados pessoais em conformidade com a LGPD Este documento visa registrar a manifesta\u00e7\u00e3o livre, informada e inequ\u00edvoca pela qual o titular concorda com o tratamento de seus dados pessoais para finalidade espec\u00edfica, em conformidade com a Lei n\u00ba 13.709 \u2013 Lei Geral de Prote\u00e7\u00e3o de Dados Pessoais [&hellip;]","og_url":"https:\/\/escrevedeira.com.br\/politica-de-privacidade\/","og_site_name":"Escrevedeira","article_publisher":"https:\/\/www.facebook.com\/aescrevedeira\/","article_modified_time":"2024-10-02T19:02:06+00:00","twitter_card":"summary_large_image","twitter_misc":{"Est. tempo de leitura":"2 minutos"},"schema":{"@context":"https:\/\/schema.org","@graph":[{"@type":"WebPage","@id":"https:\/\/escrevedeira.com.br\/politica-de-privacidade\/","url":"https:\/\/escrevedeira.com.br\/politica-de-privacidade\/","name":"Pol\u00edtica de privacidade - Escrevedeira","isPartOf":{"@id":"https:\/\/escrevedeira.com.br\/#website"},"datePublished":"2024-05-23T01:51:37+00:00","dateModified":"2024-10-02T19:02:06+00:00","breadcrumb":{"@id":"https:\/\/escrevedeira.com.br\/politica-de-privacidade\/#breadcrumb"},"inLanguage":"pt-BR","potentialAction":[{"@type":"ReadAction","target":["https:\/\/escrevedeira.com.br\/politica-de-privacidade\/"]}]},{"@type":"BreadcrumbList","@id":"https:\/\/escrevedeira.com.br\/politica-de-privacidade\/#breadcrumb","itemListElement":[{"@type":"ListItem","position":1,"name":"Home","item":"https:\/\/escrevedeira.com.br\/"},{"@type":"ListItem","position":2,"name":"Pol\u00edtica de privacidade"}]},{"@type":"WebSite","@id":"https:\/\/escrevedeira.com.br\/#website","url":"https:\/\/escrevedeira.com.br\/","name":"Escrevedeira","description":"","publisher":{"@id":"https:\/\/escrevedeira.com.br\/#organization"},"potentialAction":[{"@type":"SearchAction","target":{"@type":"EntryPoint","urlTemplate":"https:\/\/escrevedeira.com.br\/?s={search_term_string}"},"query-input":{"@type":"PropertyValueSpecification","valueRequired":true,"valueName":"search_term_string"}}],"inLanguage":"pt-BR"},{"@type":"Organization","@id":"https:\/\/escrevedeira.com.br\/#organization","name":"Escrevedeira","url":"https:\/\/escrevedeira.com.br\/","logo":{"@type":"ImageObject","inLanguage":"pt-BR","@id":"https:\/\/escrevedeira.com.br\/#\/schema\/logo\/image\/","url":"https:\/\/escrevedeira.com.br\/wp-content\/uploads\/2024\/05\/symbol_escrevedeira.svg","contentUrl":"https:\/\/escrevedeira.com.br\/wp-content\/uploads\/2024\/05\/symbol_escrevedeira.svg","width":298,"height":98,"caption":"Escrevedeira"},"image":{"@id":"https:\/\/escrevedeira.com.br\/#\/schema\/logo\/image\/"},"sameAs":["https:\/\/www.facebook.com\/aescrevedeira\/","https:\/\/www.instagram.com\/aescrevedeira\/"]}]}},"_links":{"self":[{"href":"https:\/\/escrevedeira.com.br\/api\/wp\/v2\/pages\/3","targetHints":{"allow":["GET"]}}],"collection":[{"href":"https:\/\/escrevedeira.com.br\/api\/wp\/v2\/pages"}],"about":[{"href":"https:\/\/escrevedeira.com.br\/api\/wp\/v2\/types\/page"}],"author":[{"embeddable":true,"href":"https:\/\/escrevedeira.com.br\/api\/wp\/v2\/users\/1"}],"replies":[{"embeddable":true,"href":"https:\/\/escrevedeira.com.br\/api\/wp\/v2\/comments?post=3"}],"version-history":[{"count":4,"href":"https:\/\/escrevedeira.com.br\/api\/wp\/v2\/pages\/3\/revisions"}],"predecessor-version":[{"id":1674,"href":"https:\/\/escrevedeira.com.br\/api\/wp\/v2\/pages\/3\/revisions\/1674"}],"wp:attachment":[{"href":"https:\/\/escrevedeira.com.br\/api\/wp\/v2\/media?parent=3"}],"curies":[{"name":"wp","href":"https:\/\/api.w.org\/{rel}","templated":true}]}}