{"id":21502,"date":"2026-04-24T09:53:21","date_gmt":"2026-04-24T12:53:21","guid":{"rendered":"https:\/\/escrevedeira.com.br\/?post_type=courses&#038;p=21502"},"modified":"2026-04-27T17:15:21","modified_gmt":"2026-04-27T20:15:21","slug":"papo-de-samba-sua-poetica-e-influencia-na-literatura","status":"publish","type":"courses","link":"https:\/\/escrevedeira.com.br\/curso\/papo-de-samba-sua-poetica-e-influencia-na-literatura\/","title":{"rendered":"PAPO DE SAMBA: SUA PO\u00c9TICA E INFLU\u00caNCIA NA LITERATURA"},"content":{"rendered":"<p><span style=\"font-weight: 400\">Ao longo de d\u00e9cadas, o colonialismo cultural imp\u00f4s uma hierarquia est\u00e9tica que dificultou o reconhecimento da excel\u00eancia, da complexidade formal e dos mecanismos sofisticados de composi\u00e7\u00e3o presentes no samba. Neste curso, duas escritoras contempor\u00e2neas, atrav\u00e9s de audi\u00e7\u00f5es de sambas que constituem o l\u00e9xico e o capital simb\u00f3lico das suas pr\u00f3prias produ\u00e7\u00f5es liter\u00e1rias, destacam a excel\u00eancia narrativa do samba, afirmando seu alcance est\u00e9tico e a fun\u00e7\u00e3o de cr\u00f4nica na sociedade brasileira.<\/span><\/p>\n<p><span style=\"font-weight: 400\">Em quatro encontros, Jeovanna Vieira e Lilia Guerra apresentam exemplos de sambas, seguindo grupos tem\u00e1ticos como cotidiano, ancestralidade, f\u00e9, relacionamento amoroso, manifestos pol\u00edticos ou sociais, entre outros. Na din\u00e2mica do curso, as autoras analisam<\/span> <span style=\"font-weight: 400\">as estruturas narrativas das composi\u00e7\u00f5es selecionadas, al\u00e9m de esclarecerem os contextos hist\u00f3ricos e sociais implicados.<\/span><\/p>\n<p><span style=\"font-weight: 400\">Encontro 1 \u2013 <\/span><b>Papo de samba: nossos quintais e nossas produ\u00e7\u00f5es\u00a0<\/b><\/p>\n<p><span style=\"font-weight: 400\">&#8211; Apresenta\u00e7\u00e3o das autoras a partir da quest\u00e3o \u2018Quem sou eu e o que produzi a partir do samba?\u2019<\/span><\/p>\n<p><span style=\"font-weight: 400\">&#8211; Compartilhando como o samba fez parte de sua forma\u00e7\u00e3o liter\u00e1ria, as autoras mostram trechos de suas obras em que o samba aparece como disparador narrativo, elemento fundante, ambiente ou personagem.<\/span> <span style=\"font-weight: 400\">Audi\u00e7\u00e3o de m\u00fasicas e coment\u00e1rios.<\/span><\/p>\n<p><span style=\"font-weight: 400\">Encontros 2 e 3 \u2013<\/span> <b>Papo de samba: reconhecendo o l\u00e9xico\u00a0<\/b><\/p>\n<p><span style=\"font-weight: 400\">&#8211; Audi\u00e7\u00e3o de sambas a partir dos grupos tem\u00e1ticos, apontando as diversas estruturas de cr\u00f4nica ou storytelling utilizadas nas composi\u00e7\u00f5es.<\/span><\/p>\n<p><span style=\"font-weight: 400\">&#8211; Audi\u00e7\u00e3o de sambas da categoria inspira\u00e7\u00e3o (\u2018Ningu\u00e9m faz samba s\u00f3 porque prefere\u2019, como diz um samba), com as autoras compartilhando e discutindo com os participantes composi\u00e7\u00f5es que as instigam artisticamente.<\/span><\/p>\n<p><span style=\"font-weight: 400\">Encontro 4 \u2013 <\/span><b>Papo de samba: o enredo<\/b><\/p>\n<p><span style=\"font-weight: 400\">&#8211; Neste \u00faltimo encontro, o destaque \u00e9 a fus\u00e3o de artes liter\u00e1rias, musicais e visuais que acontece durante os desfiles na Avenida, abordando o chamado maior show da terra a partir do enredo, b\u00fassola narrativa desse espet\u00e1culo. Ainda quanto ao enredo, vamos explicitar os recursos po\u00e9ticos e narrativos em comum entre as duas literaturas (a escrita e a performada).<\/span><\/p>\n<p><span style=\"font-weight: 400\">&#8211; An\u00e1lise e contextualiza\u00e7\u00e3o de enredos que homenageiam a literatura brasileira de tradi\u00e7\u00e3o escrita, com a audi\u00e7\u00e3o de sambas selecionados.<\/span><\/p>\n","protected":false},"excerpt":{"rendered":"<p>Ao longo de d\u00e9cadas, o colonialismo cultural imp\u00f4s uma hierarquia est\u00e9tica que dificultou o reconhecimento da excel\u00eancia, da complexidade formal e dos mecanismos sofisticados de composi\u00e7\u00e3o presentes no samba. Neste curso, duas escritoras contempor\u00e2neas, atrav\u00e9s de audi\u00e7\u00f5es de sambas que constituem o l\u00e9xico e o capital simb\u00f3lico das suas pr\u00f3prias produ\u00e7\u00f5es liter\u00e1rias, destacam a excel\u00eancia [&hellip;]<\/p>\n","protected":false},"author":16055,"featured_media":21613,"template":"","course-category":[18],"course-tag":[19],"class_list":["post-21502","courses","type-courses","status-publish","has-post-thumbnail","hentry","course-category-cursos","course-tag-online"],"acf":[],"yoast_head":"<!-- This site is optimized with the Yoast SEO plugin v27.2 - https:\/\/yoast.com\/product\/yoast-seo-wordpress\/ -->\n<title>PAPO DE SAMBA: SUA PO\u00c9TICA E INFLU\u00caNCIA NA LITERATURA - Escrevedeira<\/title>\n<meta name=\"robots\" content=\"index, follow, max-snippet:-1, max-image-preview:large, max-video-preview:-1\" \/>\n<link rel=\"canonical\" href=\"https:\/\/escrevedeira.com.br\/curso\/papo-de-samba-sua-poetica-e-influencia-na-literatura\/\" \/>\n<meta property=\"og:locale\" content=\"pt_BR\" \/>\n<meta property=\"og:type\" content=\"article\" \/>\n<meta property=\"og:title\" content=\"PAPO DE SAMBA: SUA PO\u00c9TICA E INFLU\u00caNCIA NA LITERATURA - Escrevedeira\" \/>\n<meta property=\"og:description\" content=\"Ao longo de d\u00e9cadas, o colonialismo cultural imp\u00f4s uma hierarquia est\u00e9tica que dificultou o reconhecimento da excel\u00eancia, da complexidade formal e dos mecanismos sofisticados de composi\u00e7\u00e3o presentes no samba. Neste curso, duas escritoras contempor\u00e2neas, atrav\u00e9s de audi\u00e7\u00f5es de sambas que constituem o l\u00e9xico e o capital simb\u00f3lico das suas pr\u00f3prias produ\u00e7\u00f5es liter\u00e1rias, destacam a excel\u00eancia [&hellip;]\" \/>\n<meta property=\"og:url\" content=\"https:\/\/escrevedeira.com.br\/curso\/papo-de-samba-sua-poetica-e-influencia-na-literatura\/\" \/>\n<meta property=\"og:site_name\" content=\"Escrevedeira\" \/>\n<meta property=\"article:publisher\" content=\"https:\/\/www.facebook.com\/aescrevedeira\/\" \/>\n<meta property=\"article:modified_time\" content=\"2026-04-27T20:15:21+00:00\" \/>\n<meta property=\"og:image\" content=\"https:\/\/escrevedeira.com.br\/wp-content\/uploads\/2026\/03\/WhatsApp-Image-2026-03-16-at-15.16.30.jpeg\" \/>\n\t<meta property=\"og:image:width\" content=\"1000\" \/>\n\t<meta property=\"og:image:height\" content=\"1000\" \/>\n\t<meta property=\"og:image:type\" content=\"image\/jpeg\" \/>\n<meta name=\"twitter:card\" content=\"summary_large_image\" \/>\n<meta name=\"twitter:label1\" content=\"Est. tempo de leitura\" \/>\n\t<meta name=\"twitter:data1\" content=\"2 minutos\" \/>\n<script type=\"application\/ld+json\" class=\"yoast-schema-graph\">{\"@context\":\"https:\/\/schema.org\",\"@graph\":[{\"@type\":\"WebPage\",\"@id\":\"https:\/\/escrevedeira.com.br\/curso\/papo-de-samba-sua-poetica-e-influencia-na-literatura\/\",\"url\":\"https:\/\/escrevedeira.com.br\/curso\/papo-de-samba-sua-poetica-e-influencia-na-literatura\/\",\"name\":\"PAPO DE SAMBA: SUA PO\u00c9TICA E INFLU\u00caNCIA NA LITERATURA - Escrevedeira\",\"isPartOf\":{\"@id\":\"https:\/\/escrevedeira.com.br\/#website\"},\"primaryImageOfPage\":{\"@id\":\"https:\/\/escrevedeira.com.br\/curso\/papo-de-samba-sua-poetica-e-influencia-na-literatura\/#primaryimage\"},\"image\":{\"@id\":\"https:\/\/escrevedeira.com.br\/curso\/papo-de-samba-sua-poetica-e-influencia-na-literatura\/#primaryimage\"},\"thumbnailUrl\":\"https:\/\/escrevedeira.com.br\/wp-content\/uploads\/2026\/03\/WhatsApp-Image-2026-03-16-at-15.16.30.jpeg\",\"datePublished\":\"2026-04-24T12:53:21+00:00\",\"dateModified\":\"2026-04-27T20:15:21+00:00\",\"breadcrumb\":{\"@id\":\"https:\/\/escrevedeira.com.br\/curso\/papo-de-samba-sua-poetica-e-influencia-na-literatura\/#breadcrumb\"},\"inLanguage\":\"pt-BR\",\"potentialAction\":[{\"@type\":\"ReadAction\",\"target\":[\"https:\/\/escrevedeira.com.br\/curso\/papo-de-samba-sua-poetica-e-influencia-na-literatura\/\"]}]},{\"@type\":\"ImageObject\",\"inLanguage\":\"pt-BR\",\"@id\":\"https:\/\/escrevedeira.com.br\/curso\/papo-de-samba-sua-poetica-e-influencia-na-literatura\/#primaryimage\",\"url\":\"https:\/\/escrevedeira.com.br\/wp-content\/uploads\/2026\/03\/WhatsApp-Image-2026-03-16-at-15.16.30.jpeg\",\"contentUrl\":\"https:\/\/escrevedeira.com.br\/wp-content\/uploads\/2026\/03\/WhatsApp-Image-2026-03-16-at-15.16.30.jpeg\",\"width\":1000,\"height\":1000},{\"@type\":\"BreadcrumbList\",\"@id\":\"https:\/\/escrevedeira.com.br\/curso\/papo-de-samba-sua-poetica-e-influencia-na-literatura\/#breadcrumb\",\"itemListElement\":[{\"@type\":\"ListItem\",\"position\":1,\"name\":\"Home\",\"item\":\"https:\/\/escrevedeira.com.br\/\"},{\"@type\":\"ListItem\",\"position\":2,\"name\":\"Cursos\",\"item\":\"https:\/\/escrevedeira.com.br\/curso\/\"},{\"@type\":\"ListItem\",\"position\":3,\"name\":\"PAPO DE SAMBA: SUA PO\u00c9TICA E INFLU\u00caNCIA NA LITERATURA\"}]},{\"@type\":\"WebSite\",\"@id\":\"https:\/\/escrevedeira.com.br\/#website\",\"url\":\"https:\/\/escrevedeira.com.br\/\",\"name\":\"Escrevedeira\",\"description\":\"\",\"publisher\":{\"@id\":\"https:\/\/escrevedeira.com.br\/#organization\"},\"potentialAction\":[{\"@type\":\"SearchAction\",\"target\":{\"@type\":\"EntryPoint\",\"urlTemplate\":\"https:\/\/escrevedeira.com.br\/?s={search_term_string}\"},\"query-input\":{\"@type\":\"PropertyValueSpecification\",\"valueRequired\":true,\"valueName\":\"search_term_string\"}}],\"inLanguage\":\"pt-BR\"},{\"@type\":\"Organization\",\"@id\":\"https:\/\/escrevedeira.com.br\/#organization\",\"name\":\"Escrevedeira\",\"url\":\"https:\/\/escrevedeira.com.br\/\",\"logo\":{\"@type\":\"ImageObject\",\"inLanguage\":\"pt-BR\",\"@id\":\"https:\/\/escrevedeira.com.br\/#\/schema\/logo\/image\/\",\"url\":\"https:\/\/escrevedeira.com.br\/wp-content\/uploads\/2024\/05\/symbol_escrevedeira.svg\",\"contentUrl\":\"https:\/\/escrevedeira.com.br\/wp-content\/uploads\/2024\/05\/symbol_escrevedeira.svg\",\"width\":298,\"height\":98,\"caption\":\"Escrevedeira\"},\"image\":{\"@id\":\"https:\/\/escrevedeira.com.br\/#\/schema\/logo\/image\/\"},\"sameAs\":[\"https:\/\/www.facebook.com\/aescrevedeira\/\",\"https:\/\/www.instagram.com\/aescrevedeira\/\"]}]}<\/script>\n<!-- \/ Yoast SEO plugin. -->","yoast_head_json":{"title":"PAPO DE SAMBA: SUA PO\u00c9TICA E INFLU\u00caNCIA NA LITERATURA - Escrevedeira","robots":{"index":"index","follow":"follow","max-snippet":"max-snippet:-1","max-image-preview":"max-image-preview:large","max-video-preview":"max-video-preview:-1"},"canonical":"https:\/\/escrevedeira.com.br\/curso\/papo-de-samba-sua-poetica-e-influencia-na-literatura\/","og_locale":"pt_BR","og_type":"article","og_title":"PAPO DE SAMBA: SUA PO\u00c9TICA E INFLU\u00caNCIA NA LITERATURA - Escrevedeira","og_description":"Ao longo de d\u00e9cadas, o colonialismo cultural imp\u00f4s uma hierarquia est\u00e9tica que dificultou o reconhecimento da excel\u00eancia, da complexidade formal e dos mecanismos sofisticados de composi\u00e7\u00e3o presentes no samba. Neste curso, duas escritoras contempor\u00e2neas, atrav\u00e9s de audi\u00e7\u00f5es de sambas que constituem o l\u00e9xico e o capital simb\u00f3lico das suas pr\u00f3prias produ\u00e7\u00f5es liter\u00e1rias, destacam a excel\u00eancia [&hellip;]","og_url":"https:\/\/escrevedeira.com.br\/curso\/papo-de-samba-sua-poetica-e-influencia-na-literatura\/","og_site_name":"Escrevedeira","article_publisher":"https:\/\/www.facebook.com\/aescrevedeira\/","article_modified_time":"2026-04-27T20:15:21+00:00","og_image":[{"width":1000,"height":1000,"url":"https:\/\/escrevedeira.com.br\/wp-content\/uploads\/2026\/03\/WhatsApp-Image-2026-03-16-at-15.16.30.jpeg","type":"image\/jpeg"}],"twitter_card":"summary_large_image","twitter_misc":{"Est. tempo de leitura":"2 minutos"},"schema":{"@context":"https:\/\/schema.org","@graph":[{"@type":"WebPage","@id":"https:\/\/escrevedeira.com.br\/curso\/papo-de-samba-sua-poetica-e-influencia-na-literatura\/","url":"https:\/\/escrevedeira.com.br\/curso\/papo-de-samba-sua-poetica-e-influencia-na-literatura\/","name":"PAPO DE SAMBA: SUA PO\u00c9TICA E INFLU\u00caNCIA NA LITERATURA - Escrevedeira","isPartOf":{"@id":"https:\/\/escrevedeira.com.br\/#website"},"primaryImageOfPage":{"@id":"https:\/\/escrevedeira.com.br\/curso\/papo-de-samba-sua-poetica-e-influencia-na-literatura\/#primaryimage"},"image":{"@id":"https:\/\/escrevedeira.com.br\/curso\/papo-de-samba-sua-poetica-e-influencia-na-literatura\/#primaryimage"},"thumbnailUrl":"https:\/\/escrevedeira.com.br\/wp-content\/uploads\/2026\/03\/WhatsApp-Image-2026-03-16-at-15.16.30.jpeg","datePublished":"2026-04-24T12:53:21+00:00","dateModified":"2026-04-27T20:15:21+00:00","breadcrumb":{"@id":"https:\/\/escrevedeira.com.br\/curso\/papo-de-samba-sua-poetica-e-influencia-na-literatura\/#breadcrumb"},"inLanguage":"pt-BR","potentialAction":[{"@type":"ReadAction","target":["https:\/\/escrevedeira.com.br\/curso\/papo-de-samba-sua-poetica-e-influencia-na-literatura\/"]}]},{"@type":"ImageObject","inLanguage":"pt-BR","@id":"https:\/\/escrevedeira.com.br\/curso\/papo-de-samba-sua-poetica-e-influencia-na-literatura\/#primaryimage","url":"https:\/\/escrevedeira.com.br\/wp-content\/uploads\/2026\/03\/WhatsApp-Image-2026-03-16-at-15.16.30.jpeg","contentUrl":"https:\/\/escrevedeira.com.br\/wp-content\/uploads\/2026\/03\/WhatsApp-Image-2026-03-16-at-15.16.30.jpeg","width":1000,"height":1000},{"@type":"BreadcrumbList","@id":"https:\/\/escrevedeira.com.br\/curso\/papo-de-samba-sua-poetica-e-influencia-na-literatura\/#breadcrumb","itemListElement":[{"@type":"ListItem","position":1,"name":"Home","item":"https:\/\/escrevedeira.com.br\/"},{"@type":"ListItem","position":2,"name":"Cursos","item":"https:\/\/escrevedeira.com.br\/curso\/"},{"@type":"ListItem","position":3,"name":"PAPO DE SAMBA: SUA PO\u00c9TICA E INFLU\u00caNCIA NA LITERATURA"}]},{"@type":"WebSite","@id":"https:\/\/escrevedeira.com.br\/#website","url":"https:\/\/escrevedeira.com.br\/","name":"Escrevedeira","description":"","publisher":{"@id":"https:\/\/escrevedeira.com.br\/#organization"},"potentialAction":[{"@type":"SearchAction","target":{"@type":"EntryPoint","urlTemplate":"https:\/\/escrevedeira.com.br\/?s={search_term_string}"},"query-input":{"@type":"PropertyValueSpecification","valueRequired":true,"valueName":"search_term_string"}}],"inLanguage":"pt-BR"},{"@type":"Organization","@id":"https:\/\/escrevedeira.com.br\/#organization","name":"Escrevedeira","url":"https:\/\/escrevedeira.com.br\/","logo":{"@type":"ImageObject","inLanguage":"pt-BR","@id":"https:\/\/escrevedeira.com.br\/#\/schema\/logo\/image\/","url":"https:\/\/escrevedeira.com.br\/wp-content\/uploads\/2024\/05\/symbol_escrevedeira.svg","contentUrl":"https:\/\/escrevedeira.com.br\/wp-content\/uploads\/2024\/05\/symbol_escrevedeira.svg","width":298,"height":98,"caption":"Escrevedeira"},"image":{"@id":"https:\/\/escrevedeira.com.br\/#\/schema\/logo\/image\/"},"sameAs":["https:\/\/www.facebook.com\/aescrevedeira\/","https:\/\/www.instagram.com\/aescrevedeira\/"]}]}},"_links":{"self":[{"href":"https:\/\/escrevedeira.com.br\/api\/wp\/v2\/courses\/21502","targetHints":{"allow":["GET"]}}],"collection":[{"href":"https:\/\/escrevedeira.com.br\/api\/wp\/v2\/courses"}],"about":[{"href":"https:\/\/escrevedeira.com.br\/api\/wp\/v2\/types\/courses"}],"author":[{"embeddable":true,"href":"https:\/\/escrevedeira.com.br\/api\/wp\/v2\/users\/16055"}],"wp:featuredmedia":[{"embeddable":true,"href":"https:\/\/escrevedeira.com.br\/api\/wp\/v2\/media\/21613"}],"wp:attachment":[{"href":"https:\/\/escrevedeira.com.br\/api\/wp\/v2\/media?parent=21502"}],"wp:term":[{"taxonomy":"course-category","embeddable":true,"href":"https:\/\/escrevedeira.com.br\/api\/wp\/v2\/course-category?post=21502"},{"taxonomy":"course-tag","embeddable":true,"href":"https:\/\/escrevedeira.com.br\/api\/wp\/v2\/course-tag?post=21502"}],"curies":[{"name":"wp","href":"https:\/\/api.w.org\/{rel}","templated":true}]}}