{"id":18099,"date":"2026-04-17T09:51:38","date_gmt":"2026-04-17T12:51:38","guid":{"rendered":"https:\/\/escrevedeira.com.br\/?post_type=courses&#038;p=18099"},"modified":"2026-04-17T09:51:40","modified_gmt":"2026-04-17T12:51:40","slug":"intencao-e-intensidade-a-escrita-do-conto","status":"publish","type":"courses","link":"https:\/\/escrevedeira.com.br\/curso\/intencao-e-intensidade-a-escrita-do-conto\/","title":{"rendered":"INTEN\u00c7\u00c3O E INTENSIDADE \u2013 A ESCRITA DO CONTO"},"content":{"rendered":"<p><span style=\"font-weight: 400\">O conto \u00e9 um g\u00eanero liter\u00e1rio de intensidade: uma experi\u00eancia condensada, cuidadosamente orquestrada pela inten\u00e7\u00e3o de quem escreve. Cada escolha \u2014 desde o ponto de vista at\u00e9 a atmosfera da narrativa \u2014 atua para produzir um efeito no leitor. A intensidade pode se manifestar, por exemplo, na tens\u00e3o silenciosa do cotidiano em Raymond Carver, no acontecimento \u00edntimo em Clarice Lispector ou nos pesadelos fabricados por Samantha Schweblin.<\/span><\/p>\n<p><span style=\"font-weight: 400\">Nesta oficina, com leituras, discuss\u00f5es e exerc\u00edcios, Carol Rodrigues aborda os principais elementos do conto: a voz do narrador, a constru\u00e7\u00e3o das personagens, o acontecimento central (externo ou interno), o tratamento do tempo e do espa\u00e7o e a atmosfera geral. O objetivo \u00e9 compreender em detalhe e colocar em pr\u00e1tica a articula\u00e7\u00e3o desses elementos e seu tensionamento, criando camadas de sentido e de intensidade.<\/span><\/p>\n<p><span style=\"font-weight: 400\">Os encontros semanais incluem dois momentos complementares: uma parte expositiva, com a leitura e an\u00e1lise de contos dos autores mencionados e outros (e com apoio de textos de refer\u00eancia, de Ricardo Piglia, N\u00e1dia Battella Gotlib e Alan Pauls), e uma parte pr\u00e1tica, dedicada \u00e0 escrita. Ao longo da oficina, os participantes experimentam diferentes procedimentos narrativos e desenvolvem seus pr\u00f3prios contos de forma gradual e acompanhada.<\/span><\/p>\n<p><span style=\"font-weight: 400\">Encontro 1 \u2013 <\/span><b>O conto enquanto uma experi\u00eancia de intensidade<\/b><\/p>\n<p><span style=\"font-weight: 400\">Encontro 2 \u2013 <\/span><b>A constru\u00e7\u00e3o ou descoberta das hist\u00f3rias<\/b><\/p>\n<p><span style=\"font-weight: 400\">Encontro 3 \u2013 <\/span><b>A voz que narra<\/b><\/p>\n<p><span style=\"font-weight: 400\">Encontro 4 \u2013 <\/span><b>A personagem<\/b><\/p>\n<p><span style=\"font-weight: 400\">Encontro 5 \u2013 <\/span><b>A atmosfera<\/b><\/p>\n<p><span style=\"font-weight: 400\">Encontro 6 \u2013 <\/span><b>Dispositivos de cria\u00e7\u00e3o<\/b><\/p>\n<p><span style=\"font-weight: 400\">Encontro 7 \u2013 <\/span><b>Arquitetura e corte da narrativa<\/b><\/p>\n<p><span style=\"font-weight: 400\">Encontro 8 \u2013 <\/span><b>Leituras e coment\u00e1rios dos textos produzidos<\/b><\/p>\n","protected":false},"excerpt":{"rendered":"<p>O conto \u00e9 um g\u00eanero liter\u00e1rio de intensidade: uma experi\u00eancia condensada, cuidadosamente orquestrada pela inten\u00e7\u00e3o de quem escreve. Cada escolha \u2014 desde o ponto de vista at\u00e9 a atmosfera da narrativa \u2014 atua para produzir um efeito no leitor. A intensidade pode se manifestar, por exemplo, na tens\u00e3o silenciosa do cotidiano em Raymond Carver, no [&hellip;]<\/p>\n","protected":false},"author":26391,"featured_media":18102,"template":"","course-category":[21],"course-tag":[19],"class_list":["post-18099","courses","type-courses","status-publish","has-post-thumbnail","hentry","course-category-oficinas","course-tag-online"],"acf":[],"yoast_head":"<!-- This site is optimized with the Yoast SEO plugin v27.2 - https:\/\/yoast.com\/product\/yoast-seo-wordpress\/ -->\n<title>INTEN\u00c7\u00c3O E INTENSIDADE \u2013 A ESCRITA DO CONTO - Escrevedeira<\/title>\n<meta name=\"robots\" content=\"index, follow, max-snippet:-1, max-image-preview:large, max-video-preview:-1\" \/>\n<link rel=\"canonical\" href=\"https:\/\/escrevedeira.com.br\/curso\/intencao-e-intensidade-a-escrita-do-conto\/\" \/>\n<meta property=\"og:locale\" content=\"pt_BR\" \/>\n<meta property=\"og:type\" content=\"article\" \/>\n<meta property=\"og:title\" content=\"INTEN\u00c7\u00c3O E INTENSIDADE \u2013 A ESCRITA DO CONTO - Escrevedeira\" \/>\n<meta property=\"og:description\" content=\"O conto \u00e9 um g\u00eanero liter\u00e1rio de intensidade: uma experi\u00eancia condensada, cuidadosamente orquestrada pela inten\u00e7\u00e3o de quem escreve. Cada escolha \u2014 desde o ponto de vista at\u00e9 a atmosfera da narrativa \u2014 atua para produzir um efeito no leitor. A intensidade pode se manifestar, por exemplo, na tens\u00e3o silenciosa do cotidiano em Raymond Carver, no [&hellip;]\" \/>\n<meta property=\"og:url\" content=\"https:\/\/escrevedeira.com.br\/curso\/intencao-e-intensidade-a-escrita-do-conto\/\" \/>\n<meta property=\"og:site_name\" content=\"Escrevedeira\" \/>\n<meta property=\"article:publisher\" content=\"https:\/\/www.facebook.com\/aescrevedeira\/\" \/>\n<meta property=\"article:modified_time\" content=\"2026-04-17T12:51:40+00:00\" \/>\n<meta property=\"og:image\" content=\"https:\/\/escrevedeira.com.br\/wp-content\/uploads\/2026\/01\/Carol-Rodrigues_credito-foto_Gabriela-Barreto.webp\" \/>\n\t<meta property=\"og:image:width\" content=\"1200\" \/>\n\t<meta property=\"og:image:height\" content=\"800\" \/>\n\t<meta property=\"og:image:type\" content=\"image\/webp\" \/>\n<meta name=\"twitter:card\" content=\"summary_large_image\" \/>\n<meta name=\"twitter:label1\" content=\"Est. tempo de leitura\" \/>\n\t<meta name=\"twitter:data1\" content=\"2 minutos\" \/>\n<script type=\"application\/ld+json\" class=\"yoast-schema-graph\">{\"@context\":\"https:\/\/schema.org\",\"@graph\":[{\"@type\":\"WebPage\",\"@id\":\"https:\/\/escrevedeira.com.br\/curso\/intencao-e-intensidade-a-escrita-do-conto\/\",\"url\":\"https:\/\/escrevedeira.com.br\/curso\/intencao-e-intensidade-a-escrita-do-conto\/\",\"name\":\"INTEN\u00c7\u00c3O E INTENSIDADE \u2013 A ESCRITA DO CONTO - Escrevedeira\",\"isPartOf\":{\"@id\":\"https:\/\/escrevedeira.com.br\/#website\"},\"primaryImageOfPage\":{\"@id\":\"https:\/\/escrevedeira.com.br\/curso\/intencao-e-intensidade-a-escrita-do-conto\/#primaryimage\"},\"image\":{\"@id\":\"https:\/\/escrevedeira.com.br\/curso\/intencao-e-intensidade-a-escrita-do-conto\/#primaryimage\"},\"thumbnailUrl\":\"https:\/\/escrevedeira.com.br\/wp-content\/uploads\/2026\/01\/Carol-Rodrigues_credito-foto_Gabriela-Barreto.webp\",\"datePublished\":\"2026-04-17T12:51:38+00:00\",\"dateModified\":\"2026-04-17T12:51:40+00:00\",\"breadcrumb\":{\"@id\":\"https:\/\/escrevedeira.com.br\/curso\/intencao-e-intensidade-a-escrita-do-conto\/#breadcrumb\"},\"inLanguage\":\"pt-BR\",\"potentialAction\":[{\"@type\":\"ReadAction\",\"target\":[\"https:\/\/escrevedeira.com.br\/curso\/intencao-e-intensidade-a-escrita-do-conto\/\"]}]},{\"@type\":\"ImageObject\",\"inLanguage\":\"pt-BR\",\"@id\":\"https:\/\/escrevedeira.com.br\/curso\/intencao-e-intensidade-a-escrita-do-conto\/#primaryimage\",\"url\":\"https:\/\/escrevedeira.com.br\/wp-content\/uploads\/2026\/01\/Carol-Rodrigues_credito-foto_Gabriela-Barreto.webp\",\"contentUrl\":\"https:\/\/escrevedeira.com.br\/wp-content\/uploads\/2026\/01\/Carol-Rodrigues_credito-foto_Gabriela-Barreto.webp\",\"width\":1200,\"height\":800},{\"@type\":\"BreadcrumbList\",\"@id\":\"https:\/\/escrevedeira.com.br\/curso\/intencao-e-intensidade-a-escrita-do-conto\/#breadcrumb\",\"itemListElement\":[{\"@type\":\"ListItem\",\"position\":1,\"name\":\"Home\",\"item\":\"https:\/\/escrevedeira.com.br\/\"},{\"@type\":\"ListItem\",\"position\":2,\"name\":\"Cursos\",\"item\":\"https:\/\/escrevedeira.com.br\/curso\/\"},{\"@type\":\"ListItem\",\"position\":3,\"name\":\"INTEN\u00c7\u00c3O E INTENSIDADE \u2013 A ESCRITA DO CONTO\"}]},{\"@type\":\"WebSite\",\"@id\":\"https:\/\/escrevedeira.com.br\/#website\",\"url\":\"https:\/\/escrevedeira.com.br\/\",\"name\":\"Escrevedeira\",\"description\":\"\",\"publisher\":{\"@id\":\"https:\/\/escrevedeira.com.br\/#organization\"},\"potentialAction\":[{\"@type\":\"SearchAction\",\"target\":{\"@type\":\"EntryPoint\",\"urlTemplate\":\"https:\/\/escrevedeira.com.br\/?s={search_term_string}\"},\"query-input\":{\"@type\":\"PropertyValueSpecification\",\"valueRequired\":true,\"valueName\":\"search_term_string\"}}],\"inLanguage\":\"pt-BR\"},{\"@type\":\"Organization\",\"@id\":\"https:\/\/escrevedeira.com.br\/#organization\",\"name\":\"Escrevedeira\",\"url\":\"https:\/\/escrevedeira.com.br\/\",\"logo\":{\"@type\":\"ImageObject\",\"inLanguage\":\"pt-BR\",\"@id\":\"https:\/\/escrevedeira.com.br\/#\/schema\/logo\/image\/\",\"url\":\"https:\/\/escrevedeira.com.br\/wp-content\/uploads\/2024\/05\/symbol_escrevedeira.svg\",\"contentUrl\":\"https:\/\/escrevedeira.com.br\/wp-content\/uploads\/2024\/05\/symbol_escrevedeira.svg\",\"width\":298,\"height\":98,\"caption\":\"Escrevedeira\"},\"image\":{\"@id\":\"https:\/\/escrevedeira.com.br\/#\/schema\/logo\/image\/\"},\"sameAs\":[\"https:\/\/www.facebook.com\/aescrevedeira\/\",\"https:\/\/www.instagram.com\/aescrevedeira\/\"]}]}<\/script>\n<!-- \/ Yoast SEO plugin. -->","yoast_head_json":{"title":"INTEN\u00c7\u00c3O E INTENSIDADE \u2013 A ESCRITA DO CONTO - Escrevedeira","robots":{"index":"index","follow":"follow","max-snippet":"max-snippet:-1","max-image-preview":"max-image-preview:large","max-video-preview":"max-video-preview:-1"},"canonical":"https:\/\/escrevedeira.com.br\/curso\/intencao-e-intensidade-a-escrita-do-conto\/","og_locale":"pt_BR","og_type":"article","og_title":"INTEN\u00c7\u00c3O E INTENSIDADE \u2013 A ESCRITA DO CONTO - Escrevedeira","og_description":"O conto \u00e9 um g\u00eanero liter\u00e1rio de intensidade: uma experi\u00eancia condensada, cuidadosamente orquestrada pela inten\u00e7\u00e3o de quem escreve. Cada escolha \u2014 desde o ponto de vista at\u00e9 a atmosfera da narrativa \u2014 atua para produzir um efeito no leitor. A intensidade pode se manifestar, por exemplo, na tens\u00e3o silenciosa do cotidiano em Raymond Carver, no [&hellip;]","og_url":"https:\/\/escrevedeira.com.br\/curso\/intencao-e-intensidade-a-escrita-do-conto\/","og_site_name":"Escrevedeira","article_publisher":"https:\/\/www.facebook.com\/aescrevedeira\/","article_modified_time":"2026-04-17T12:51:40+00:00","og_image":[{"width":1200,"height":800,"url":"https:\/\/escrevedeira.com.br\/wp-content\/uploads\/2026\/01\/Carol-Rodrigues_credito-foto_Gabriela-Barreto.webp","type":"image\/webp"}],"twitter_card":"summary_large_image","twitter_misc":{"Est. tempo de leitura":"2 minutos"},"schema":{"@context":"https:\/\/schema.org","@graph":[{"@type":"WebPage","@id":"https:\/\/escrevedeira.com.br\/curso\/intencao-e-intensidade-a-escrita-do-conto\/","url":"https:\/\/escrevedeira.com.br\/curso\/intencao-e-intensidade-a-escrita-do-conto\/","name":"INTEN\u00c7\u00c3O E INTENSIDADE \u2013 A ESCRITA DO CONTO - Escrevedeira","isPartOf":{"@id":"https:\/\/escrevedeira.com.br\/#website"},"primaryImageOfPage":{"@id":"https:\/\/escrevedeira.com.br\/curso\/intencao-e-intensidade-a-escrita-do-conto\/#primaryimage"},"image":{"@id":"https:\/\/escrevedeira.com.br\/curso\/intencao-e-intensidade-a-escrita-do-conto\/#primaryimage"},"thumbnailUrl":"https:\/\/escrevedeira.com.br\/wp-content\/uploads\/2026\/01\/Carol-Rodrigues_credito-foto_Gabriela-Barreto.webp","datePublished":"2026-04-17T12:51:38+00:00","dateModified":"2026-04-17T12:51:40+00:00","breadcrumb":{"@id":"https:\/\/escrevedeira.com.br\/curso\/intencao-e-intensidade-a-escrita-do-conto\/#breadcrumb"},"inLanguage":"pt-BR","potentialAction":[{"@type":"ReadAction","target":["https:\/\/escrevedeira.com.br\/curso\/intencao-e-intensidade-a-escrita-do-conto\/"]}]},{"@type":"ImageObject","inLanguage":"pt-BR","@id":"https:\/\/escrevedeira.com.br\/curso\/intencao-e-intensidade-a-escrita-do-conto\/#primaryimage","url":"https:\/\/escrevedeira.com.br\/wp-content\/uploads\/2026\/01\/Carol-Rodrigues_credito-foto_Gabriela-Barreto.webp","contentUrl":"https:\/\/escrevedeira.com.br\/wp-content\/uploads\/2026\/01\/Carol-Rodrigues_credito-foto_Gabriela-Barreto.webp","width":1200,"height":800},{"@type":"BreadcrumbList","@id":"https:\/\/escrevedeira.com.br\/curso\/intencao-e-intensidade-a-escrita-do-conto\/#breadcrumb","itemListElement":[{"@type":"ListItem","position":1,"name":"Home","item":"https:\/\/escrevedeira.com.br\/"},{"@type":"ListItem","position":2,"name":"Cursos","item":"https:\/\/escrevedeira.com.br\/curso\/"},{"@type":"ListItem","position":3,"name":"INTEN\u00c7\u00c3O E INTENSIDADE \u2013 A ESCRITA DO CONTO"}]},{"@type":"WebSite","@id":"https:\/\/escrevedeira.com.br\/#website","url":"https:\/\/escrevedeira.com.br\/","name":"Escrevedeira","description":"","publisher":{"@id":"https:\/\/escrevedeira.com.br\/#organization"},"potentialAction":[{"@type":"SearchAction","target":{"@type":"EntryPoint","urlTemplate":"https:\/\/escrevedeira.com.br\/?s={search_term_string}"},"query-input":{"@type":"PropertyValueSpecification","valueRequired":true,"valueName":"search_term_string"}}],"inLanguage":"pt-BR"},{"@type":"Organization","@id":"https:\/\/escrevedeira.com.br\/#organization","name":"Escrevedeira","url":"https:\/\/escrevedeira.com.br\/","logo":{"@type":"ImageObject","inLanguage":"pt-BR","@id":"https:\/\/escrevedeira.com.br\/#\/schema\/logo\/image\/","url":"https:\/\/escrevedeira.com.br\/wp-content\/uploads\/2024\/05\/symbol_escrevedeira.svg","contentUrl":"https:\/\/escrevedeira.com.br\/wp-content\/uploads\/2024\/05\/symbol_escrevedeira.svg","width":298,"height":98,"caption":"Escrevedeira"},"image":{"@id":"https:\/\/escrevedeira.com.br\/#\/schema\/logo\/image\/"},"sameAs":["https:\/\/www.facebook.com\/aescrevedeira\/","https:\/\/www.instagram.com\/aescrevedeira\/"]}]}},"_links":{"self":[{"href":"https:\/\/escrevedeira.com.br\/api\/wp\/v2\/courses\/18099","targetHints":{"allow":["GET"]}}],"collection":[{"href":"https:\/\/escrevedeira.com.br\/api\/wp\/v2\/courses"}],"about":[{"href":"https:\/\/escrevedeira.com.br\/api\/wp\/v2\/types\/courses"}],"author":[{"embeddable":true,"href":"https:\/\/escrevedeira.com.br\/api\/wp\/v2\/users\/26391"}],"wp:featuredmedia":[{"embeddable":true,"href":"https:\/\/escrevedeira.com.br\/api\/wp\/v2\/media\/18102"}],"wp:attachment":[{"href":"https:\/\/escrevedeira.com.br\/api\/wp\/v2\/media?parent=18099"}],"wp:term":[{"taxonomy":"course-category","embeddable":true,"href":"https:\/\/escrevedeira.com.br\/api\/wp\/v2\/course-category?post=18099"},{"taxonomy":"course-tag","embeddable":true,"href":"https:\/\/escrevedeira.com.br\/api\/wp\/v2\/course-tag?post=18099"}],"curies":[{"name":"wp","href":"https:\/\/api.w.org\/{rel}","templated":true}]}}