{"id":13868,"date":"2025-11-24T12:25:05","date_gmt":"2025-11-24T15:25:05","guid":{"rendered":"https:\/\/escrevedeira.com.br\/?post_type=courses&#038;p=13868"},"modified":"2025-11-24T12:32:11","modified_gmt":"2025-11-24T15:32:11","slug":"escrevendo-com-clarice-lispector-o-selvagem-coracao-da-vida","status":"publish","type":"courses","link":"https:\/\/escrevedeira.com.br\/curso\/escrevendo-com-clarice-lispector-o-selvagem-coracao-da-vida\/","title":{"rendered":"ESCREVENDO COM CLARICE LISPECTOR: O SELVAGEM CORA\u00c7\u00c3O DA VIDA"},"content":{"rendered":"<p><span style=\"font-weight: 400\">A literatura de Clarice Lispector flui entre o que \u00e9 familiar e o estranho, entre o dito e o n\u00e3o dito, ou mesmo entre o visto e o invis\u00edvel. Esta oficina convida os participantes a tocarem o selvagem cora\u00e7\u00e3o da vida escrevendo com Clarice, com base na leitura compartilhada de trechos selecionados de seu romance <\/span><i><span style=\"font-weight: 400\">Perto do Cora\u00e7\u00e3o Selvagem<\/span><\/i><span style=\"font-weight: 400\">. Destacando os recursos de linguagem da autora que nos estimulam a acessar e a colocar em palavras estratos profundos da mem\u00f3ria, as leituras comentadas de partes do livro ser\u00e3o est\u00edmulos para que cada participante desenvolva um texto pr\u00f3prio durante a oficina.<\/span><\/p>\n<p><span style=\"font-weight: 400\">Encontro 1 \u2013 <\/span><b>Apresenta\u00e7\u00e3o de <\/b><b><i>Perto do Cora\u00e7\u00e3o Selvagem<\/i><\/b><\/p>\n<p><span style=\"font-weight: 400\">&#8211; Linguagem e representa\u00e7\u00e3o no contexto da obra de Clarice Lispector e a recep\u00e7\u00e3o do livro<\/span><\/p>\n<p><span style=\"font-weight: 400\">&#8211; Leitura compartilhada de trechos do livro<\/span><\/p>\n<p><span style=\"font-weight: 400\">&#8211; Apresenta\u00e7\u00e3o do exerc\u00edcio de escrita a ser desenvolvido durante a oficina<\/span><\/p>\n<p><span style=\"font-weight: 400\">\u00a0<\/span><\/p>\n<p><span style=\"font-weight: 400\">Encontro 2 \u2013 <\/span><b>O selvagem cora\u00e7\u00e3o da palavra<\/b><\/p>\n<p><span style=\"font-weight: 400\">&#8211; A posi\u00e7\u00e3o do narrador na constru\u00e7\u00e3o da narrativa<\/span><\/p>\n<p><span style=\"font-weight: 400\">&#8211; Leitura compartilhada de trechos do livro<\/span><\/p>\n<p><span style=\"font-weight: 400\">\u00a0<\/span><\/p>\n<p><span style=\"font-weight: 400\">Encontro 3 \u2013 <\/span><b>O lugar da voz: a personagem Joana e o desejo de liberdade<\/b><\/p>\n<p><span style=\"font-weight: 400\">&#8211; Leitura compartilhada de trechos do livro<\/span><\/p>\n<p><span style=\"font-weight: 400\">&#8211; Escuta do desenvolvimento de texto pelos participantes<\/span><\/p>\n<p><span style=\"font-weight: 400\">\u00a0<\/span><\/p>\n<p><span style=\"font-weight: 400\">Encontro 4 \u2013 <\/span><b>Os caminhos de Joana e sua diferen\u00e7a: o avesso, o mar, o mal e a morte<\/b><\/p>\n<p><span style=\"font-weight: 400\">&#8211; Leitura compartilhada de trechos do livro<\/span><\/p>\n<p><span style=\"font-weight: 400\">&#8211; Escuta do desenvolvimento de texto pelos participantes<\/span><\/p>\n<p><span style=\"font-weight: 400\">\u00a0<\/span><\/p>\n<p><span style=\"font-weight: 400\">Encontro 5 \u2013 <\/span><b>A experi\u00eancia sens\u00edvel e a linguagem: o corpo, o outro e os espantos<\/b><\/p>\n<p><span style=\"font-weight: 400\">&#8211; Leitura compartilhada de trechos do livro<\/span><\/p>\n<p><span style=\"font-weight: 400\">&#8211; Escuta do desenvolvimento de texto pelos participantes<\/span><\/p>\n<p><span style=\"font-weight: 400\">\u00a0<\/span><\/p>\n<p><span style=\"font-weight: 400\">Encontro 6 \u2013 <\/span><b>A escrita, a viagem: respostas ao chamado de um cora\u00e7\u00e3o ainda selvagem<\/b><\/p>\n<p><span style=\"font-weight: 400\">&#8211; Leitura compartilhada da produ\u00e7\u00e3o escrita final dos participantes<\/span><\/p>\n","protected":false},"excerpt":{"rendered":"<p>A literatura de Clarice Lispector flui entre o que \u00e9 familiar e o estranho, entre o dito e o n\u00e3o dito, ou mesmo entre o visto e o invis\u00edvel. Esta oficina convida os participantes a tocarem o selvagem cora\u00e7\u00e3o da vida escrevendo com Clarice, com base na leitura compartilhada de trechos selecionados de seu romance [&hellip;]<\/p>\n","protected":false},"author":23882,"featured_media":6103,"template":"","course-category":[21],"course-tag":[19],"class_list":["post-13868","courses","type-courses","status-publish","has-post-thumbnail","hentry","course-category-oficinas","course-tag-online"],"acf":[],"yoast_head":"<!-- This site is optimized with the Yoast SEO plugin v27.2 - https:\/\/yoast.com\/product\/yoast-seo-wordpress\/ -->\n<title>ESCREVENDO COM CLARICE LISPECTOR: O SELVAGEM CORA\u00c7\u00c3O DA VIDA - Escrevedeira<\/title>\n<meta name=\"robots\" content=\"index, follow, max-snippet:-1, max-image-preview:large, max-video-preview:-1\" \/>\n<link rel=\"canonical\" href=\"https:\/\/escrevedeira.com.br\/curso\/escrevendo-com-clarice-lispector-o-selvagem-coracao-da-vida\/\" \/>\n<meta property=\"og:locale\" content=\"pt_BR\" \/>\n<meta property=\"og:type\" content=\"article\" \/>\n<meta property=\"og:title\" content=\"ESCREVENDO COM CLARICE LISPECTOR: O SELVAGEM CORA\u00c7\u00c3O DA VIDA - Escrevedeira\" \/>\n<meta property=\"og:description\" content=\"A literatura de Clarice Lispector flui entre o que \u00e9 familiar e o estranho, entre o dito e o n\u00e3o dito, ou mesmo entre o visto e o invis\u00edvel. Esta oficina convida os participantes a tocarem o selvagem cora\u00e7\u00e3o da vida escrevendo com Clarice, com base na leitura compartilhada de trechos selecionados de seu romance [&hellip;]\" \/>\n<meta property=\"og:url\" content=\"https:\/\/escrevedeira.com.br\/curso\/escrevendo-com-clarice-lispector-o-selvagem-coracao-da-vida\/\" \/>\n<meta property=\"og:site_name\" content=\"Escrevedeira\" \/>\n<meta property=\"article:publisher\" content=\"https:\/\/www.facebook.com\/aescrevedeira\/\" \/>\n<meta property=\"article:modified_time\" content=\"2025-11-24T15:32:11+00:00\" \/>\n<meta property=\"og:image\" content=\"https:\/\/escrevedeira.com.br\/wp-content\/uploads\/2025\/03\/foto.jpg\" \/>\n\t<meta property=\"og:image:width\" content=\"1080\" \/>\n\t<meta property=\"og:image:height\" content=\"1080\" \/>\n\t<meta property=\"og:image:type\" content=\"image\/jpeg\" \/>\n<meta name=\"twitter:card\" content=\"summary_large_image\" \/>\n<meta name=\"twitter:label1\" content=\"Est. tempo de leitura\" \/>\n\t<meta name=\"twitter:data1\" content=\"2 minutos\" \/>\n<script type=\"application\/ld+json\" class=\"yoast-schema-graph\">{\"@context\":\"https:\/\/schema.org\",\"@graph\":[{\"@type\":\"WebPage\",\"@id\":\"https:\/\/escrevedeira.com.br\/curso\/escrevendo-com-clarice-lispector-o-selvagem-coracao-da-vida\/\",\"url\":\"https:\/\/escrevedeira.com.br\/curso\/escrevendo-com-clarice-lispector-o-selvagem-coracao-da-vida\/\",\"name\":\"ESCREVENDO COM CLARICE LISPECTOR: O SELVAGEM CORA\u00c7\u00c3O DA VIDA - Escrevedeira\",\"isPartOf\":{\"@id\":\"https:\/\/escrevedeira.com.br\/#website\"},\"primaryImageOfPage\":{\"@id\":\"https:\/\/escrevedeira.com.br\/curso\/escrevendo-com-clarice-lispector-o-selvagem-coracao-da-vida\/#primaryimage\"},\"image\":{\"@id\":\"https:\/\/escrevedeira.com.br\/curso\/escrevendo-com-clarice-lispector-o-selvagem-coracao-da-vida\/#primaryimage\"},\"thumbnailUrl\":\"https:\/\/escrevedeira.com.br\/wp-content\/uploads\/2025\/03\/foto.jpg\",\"datePublished\":\"2025-11-24T15:25:05+00:00\",\"dateModified\":\"2025-11-24T15:32:11+00:00\",\"breadcrumb\":{\"@id\":\"https:\/\/escrevedeira.com.br\/curso\/escrevendo-com-clarice-lispector-o-selvagem-coracao-da-vida\/#breadcrumb\"},\"inLanguage\":\"pt-BR\",\"potentialAction\":[{\"@type\":\"ReadAction\",\"target\":[\"https:\/\/escrevedeira.com.br\/curso\/escrevendo-com-clarice-lispector-o-selvagem-coracao-da-vida\/\"]}]},{\"@type\":\"ImageObject\",\"inLanguage\":\"pt-BR\",\"@id\":\"https:\/\/escrevedeira.com.br\/curso\/escrevendo-com-clarice-lispector-o-selvagem-coracao-da-vida\/#primaryimage\",\"url\":\"https:\/\/escrevedeira.com.br\/wp-content\/uploads\/2025\/03\/foto.jpg\",\"contentUrl\":\"https:\/\/escrevedeira.com.br\/wp-content\/uploads\/2025\/03\/foto.jpg\",\"width\":1080,\"height\":1080},{\"@type\":\"BreadcrumbList\",\"@id\":\"https:\/\/escrevedeira.com.br\/curso\/escrevendo-com-clarice-lispector-o-selvagem-coracao-da-vida\/#breadcrumb\",\"itemListElement\":[{\"@type\":\"ListItem\",\"position\":1,\"name\":\"Home\",\"item\":\"https:\/\/escrevedeira.com.br\/\"},{\"@type\":\"ListItem\",\"position\":2,\"name\":\"Cursos\",\"item\":\"https:\/\/escrevedeira.com.br\/curso\/\"},{\"@type\":\"ListItem\",\"position\":3,\"name\":\"ESCREVENDO COM CLARICE LISPECTOR: O SELVAGEM CORA\u00c7\u00c3O DA VIDA\"}]},{\"@type\":\"WebSite\",\"@id\":\"https:\/\/escrevedeira.com.br\/#website\",\"url\":\"https:\/\/escrevedeira.com.br\/\",\"name\":\"Escrevedeira\",\"description\":\"\",\"publisher\":{\"@id\":\"https:\/\/escrevedeira.com.br\/#organization\"},\"potentialAction\":[{\"@type\":\"SearchAction\",\"target\":{\"@type\":\"EntryPoint\",\"urlTemplate\":\"https:\/\/escrevedeira.com.br\/?s={search_term_string}\"},\"query-input\":{\"@type\":\"PropertyValueSpecification\",\"valueRequired\":true,\"valueName\":\"search_term_string\"}}],\"inLanguage\":\"pt-BR\"},{\"@type\":\"Organization\",\"@id\":\"https:\/\/escrevedeira.com.br\/#organization\",\"name\":\"Escrevedeira\",\"url\":\"https:\/\/escrevedeira.com.br\/\",\"logo\":{\"@type\":\"ImageObject\",\"inLanguage\":\"pt-BR\",\"@id\":\"https:\/\/escrevedeira.com.br\/#\/schema\/logo\/image\/\",\"url\":\"https:\/\/escrevedeira.com.br\/wp-content\/uploads\/2024\/05\/symbol_escrevedeira.svg\",\"contentUrl\":\"https:\/\/escrevedeira.com.br\/wp-content\/uploads\/2024\/05\/symbol_escrevedeira.svg\",\"width\":298,\"height\":98,\"caption\":\"Escrevedeira\"},\"image\":{\"@id\":\"https:\/\/escrevedeira.com.br\/#\/schema\/logo\/image\/\"},\"sameAs\":[\"https:\/\/www.facebook.com\/aescrevedeira\/\",\"https:\/\/www.instagram.com\/aescrevedeira\/\"]}]}<\/script>\n<!-- \/ Yoast SEO plugin. -->","yoast_head_json":{"title":"ESCREVENDO COM CLARICE LISPECTOR: O SELVAGEM CORA\u00c7\u00c3O DA VIDA - Escrevedeira","robots":{"index":"index","follow":"follow","max-snippet":"max-snippet:-1","max-image-preview":"max-image-preview:large","max-video-preview":"max-video-preview:-1"},"canonical":"https:\/\/escrevedeira.com.br\/curso\/escrevendo-com-clarice-lispector-o-selvagem-coracao-da-vida\/","og_locale":"pt_BR","og_type":"article","og_title":"ESCREVENDO COM CLARICE LISPECTOR: O SELVAGEM CORA\u00c7\u00c3O DA VIDA - Escrevedeira","og_description":"A literatura de Clarice Lispector flui entre o que \u00e9 familiar e o estranho, entre o dito e o n\u00e3o dito, ou mesmo entre o visto e o invis\u00edvel. Esta oficina convida os participantes a tocarem o selvagem cora\u00e7\u00e3o da vida escrevendo com Clarice, com base na leitura compartilhada de trechos selecionados de seu romance [&hellip;]","og_url":"https:\/\/escrevedeira.com.br\/curso\/escrevendo-com-clarice-lispector-o-selvagem-coracao-da-vida\/","og_site_name":"Escrevedeira","article_publisher":"https:\/\/www.facebook.com\/aescrevedeira\/","article_modified_time":"2025-11-24T15:32:11+00:00","og_image":[{"width":1080,"height":1080,"url":"https:\/\/escrevedeira.com.br\/wp-content\/uploads\/2025\/03\/foto.jpg","type":"image\/jpeg"}],"twitter_card":"summary_large_image","twitter_misc":{"Est. tempo de leitura":"2 minutos"},"schema":{"@context":"https:\/\/schema.org","@graph":[{"@type":"WebPage","@id":"https:\/\/escrevedeira.com.br\/curso\/escrevendo-com-clarice-lispector-o-selvagem-coracao-da-vida\/","url":"https:\/\/escrevedeira.com.br\/curso\/escrevendo-com-clarice-lispector-o-selvagem-coracao-da-vida\/","name":"ESCREVENDO COM CLARICE LISPECTOR: O SELVAGEM CORA\u00c7\u00c3O DA VIDA - Escrevedeira","isPartOf":{"@id":"https:\/\/escrevedeira.com.br\/#website"},"primaryImageOfPage":{"@id":"https:\/\/escrevedeira.com.br\/curso\/escrevendo-com-clarice-lispector-o-selvagem-coracao-da-vida\/#primaryimage"},"image":{"@id":"https:\/\/escrevedeira.com.br\/curso\/escrevendo-com-clarice-lispector-o-selvagem-coracao-da-vida\/#primaryimage"},"thumbnailUrl":"https:\/\/escrevedeira.com.br\/wp-content\/uploads\/2025\/03\/foto.jpg","datePublished":"2025-11-24T15:25:05+00:00","dateModified":"2025-11-24T15:32:11+00:00","breadcrumb":{"@id":"https:\/\/escrevedeira.com.br\/curso\/escrevendo-com-clarice-lispector-o-selvagem-coracao-da-vida\/#breadcrumb"},"inLanguage":"pt-BR","potentialAction":[{"@type":"ReadAction","target":["https:\/\/escrevedeira.com.br\/curso\/escrevendo-com-clarice-lispector-o-selvagem-coracao-da-vida\/"]}]},{"@type":"ImageObject","inLanguage":"pt-BR","@id":"https:\/\/escrevedeira.com.br\/curso\/escrevendo-com-clarice-lispector-o-selvagem-coracao-da-vida\/#primaryimage","url":"https:\/\/escrevedeira.com.br\/wp-content\/uploads\/2025\/03\/foto.jpg","contentUrl":"https:\/\/escrevedeira.com.br\/wp-content\/uploads\/2025\/03\/foto.jpg","width":1080,"height":1080},{"@type":"BreadcrumbList","@id":"https:\/\/escrevedeira.com.br\/curso\/escrevendo-com-clarice-lispector-o-selvagem-coracao-da-vida\/#breadcrumb","itemListElement":[{"@type":"ListItem","position":1,"name":"Home","item":"https:\/\/escrevedeira.com.br\/"},{"@type":"ListItem","position":2,"name":"Cursos","item":"https:\/\/escrevedeira.com.br\/curso\/"},{"@type":"ListItem","position":3,"name":"ESCREVENDO COM CLARICE LISPECTOR: O SELVAGEM CORA\u00c7\u00c3O DA VIDA"}]},{"@type":"WebSite","@id":"https:\/\/escrevedeira.com.br\/#website","url":"https:\/\/escrevedeira.com.br\/","name":"Escrevedeira","description":"","publisher":{"@id":"https:\/\/escrevedeira.com.br\/#organization"},"potentialAction":[{"@type":"SearchAction","target":{"@type":"EntryPoint","urlTemplate":"https:\/\/escrevedeira.com.br\/?s={search_term_string}"},"query-input":{"@type":"PropertyValueSpecification","valueRequired":true,"valueName":"search_term_string"}}],"inLanguage":"pt-BR"},{"@type":"Organization","@id":"https:\/\/escrevedeira.com.br\/#organization","name":"Escrevedeira","url":"https:\/\/escrevedeira.com.br\/","logo":{"@type":"ImageObject","inLanguage":"pt-BR","@id":"https:\/\/escrevedeira.com.br\/#\/schema\/logo\/image\/","url":"https:\/\/escrevedeira.com.br\/wp-content\/uploads\/2024\/05\/symbol_escrevedeira.svg","contentUrl":"https:\/\/escrevedeira.com.br\/wp-content\/uploads\/2024\/05\/symbol_escrevedeira.svg","width":298,"height":98,"caption":"Escrevedeira"},"image":{"@id":"https:\/\/escrevedeira.com.br\/#\/schema\/logo\/image\/"},"sameAs":["https:\/\/www.facebook.com\/aescrevedeira\/","https:\/\/www.instagram.com\/aescrevedeira\/"]}]}},"_links":{"self":[{"href":"https:\/\/escrevedeira.com.br\/api\/wp\/v2\/courses\/13868","targetHints":{"allow":["GET"]}}],"collection":[{"href":"https:\/\/escrevedeira.com.br\/api\/wp\/v2\/courses"}],"about":[{"href":"https:\/\/escrevedeira.com.br\/api\/wp\/v2\/types\/courses"}],"author":[{"embeddable":true,"href":"https:\/\/escrevedeira.com.br\/api\/wp\/v2\/users\/23882"}],"wp:featuredmedia":[{"embeddable":true,"href":"https:\/\/escrevedeira.com.br\/api\/wp\/v2\/media\/6103"}],"wp:attachment":[{"href":"https:\/\/escrevedeira.com.br\/api\/wp\/v2\/media?parent=13868"}],"wp:term":[{"taxonomy":"course-category","embeddable":true,"href":"https:\/\/escrevedeira.com.br\/api\/wp\/v2\/course-category?post=13868"},{"taxonomy":"course-tag","embeddable":true,"href":"https:\/\/escrevedeira.com.br\/api\/wp\/v2\/course-tag?post=13868"}],"curies":[{"name":"wp","href":"https:\/\/api.w.org\/{rel}","templated":true}]}}